{"id":2416,"date":"2025-11-10T13:32:52","date_gmt":"2025-11-10T12:32:52","guid":{"rendered":"https:\/\/www.frauenbeauftragte.nat.fau.de\/?page_id=2416"},"modified":"2026-06-01T11:23:34","modified_gmt":"2026-06-01T09:23:34","slug":"preistraegerinnen","status":"publish","type":"page","link":"https:\/\/www.frauenbeauftragte.nat.fau.de\/en\/foerdermoeglichkeiten\/fakultaetsfrauenpreis\/preistraegerinnen\/","title":{"rendered":"Prizewinners"},"content":{"rendered":"\n<p class=\"wp-block-paragraph\">&nbsp;Since 2016, the Faculty Women&#8217;s Prize has been awarded to particularly talented female scientists whose goal is to pursue a career in science. With the prize money, the young female scientist receives funding for a doctoral position for one year to enable the establishment or expansion of an independent working group.<\/p>\n\n\n\n<p class=\"wp-block-paragraph\">The previous winners present themselves and their research.<\/p>\n\n\n<div class=\"wp-block-rrze-elements-collapsibles \"><div class=\"accordion\">\n<div class=\"wp-block-rrze-elements-collapse \"><div class=\"accordion-group \"><h2 class=\"accordion-heading\"><button class=\"accordion-toggle\" data-toggle=\"collapse\" data-name=\"preistraegerin-2026-dr-claudia-vilhena\" data-href=\"#preistraegerin-2026-dr-claudia-vilhena\" type=\"button\" aria-expanded=\"false\" aria-controls=\"preistraegerin-2026-dr-claudia-vilhena-section\" id=\"preistraegerin-2026-dr-claudia-vilhena\" data-media-accordion-image-id=\"0\" data-media-accordion-image-url=\"\" data-media-accordion-image-alt=\"\" data-media-accordion-image-caption=\"\">Preistr\u00e4gerin 2026: Dr. Cl\u00e1udia Vilhena<\/button><\/h2><div id=\"preistraegerin-2026-dr-claudia-vilhena-section\" class=\"accordion-body \" aria-labelledby=\"preistraegerin-2026-dr-claudia-vilhena\" role=\"region\" name=\"preistraegerin-2026-dr-claudia-vilhena\"><div class=\"accordion-inner clearfix\">\n\n<figure class=\"wp-block-image size-full has-overlay is-style-medium\"><div class=\"image-wrapper\"><img loading=\"lazy\" decoding=\"async\" src=\"https:\/\/www.frauenbeauftragte.nat.fau.de\/files\/2026\/06\/2026_Claudia_Vilhena-scaled.jpg\" alt=\"\" class=\"wp-image-3043 tall-image\" srcset=\"https:\/\/www.frauenbeauftragte.nat.fau.de\/files\/2026\/06\/2026_Claudia_Vilhena-scaled.jpg 2560w, https:\/\/www.frauenbeauftragte.nat.fau.de\/files\/2026\/06\/2026_Claudia_Vilhena-300x225.jpg 300w, https:\/\/www.frauenbeauftragte.nat.fau.de\/files\/2026\/06\/2026_Claudia_Vilhena-1024x768.jpg 1024w, https:\/\/www.frauenbeauftragte.nat.fau.de\/files\/2026\/06\/2026_Claudia_Vilhena-768x576.jpg 768w, https:\/\/www.frauenbeauftragte.nat.fau.de\/files\/2026\/06\/2026_Claudia_Vilhena-1536x1152.jpg 1536w, https:\/\/www.frauenbeauftragte.nat.fau.de\/files\/2026\/06\/2026_Claudia_Vilhena-2048x1536.jpg 2048w\" \/><button class=\"image-fullscreen-btn\" onclick=\"openImageFullscreen('https:\/\/www.frauenbeauftragte.nat.fau.de\/files\/2026\/06\/2026_Claudia_Vilhena-scaled.jpg')\">\u26f6<\/button><\/div><\/figure>\n\n\n\n<p class=\"wp-block-paragraph\">Dr. Cl\u00e1udia Vilhena is an independent junior research group leader at the Department of Biology of Friedrich-Alexander-Universit\u00e4t Erlangen-N\u00fcrnberg (FAU), where she heads the Bacterial Interface Dynamics (BID) lab. Her research focuses on bacterial extracellular vesicles, infection biology, and host\u2013pathogen communication, with a particular emphasis on <em>Streptococcus pneumoniae<\/em>.<\/p>\n\n\n\n<p class=\"wp-block-paragraph\">Originally from Portugal, she studied Pharmaceutical Sciences at the University of Lisbon and completed her doctoral studies in microbiology at Ludwig-Maximilians-Universit\u00e4t M\u00fcnchen. During her scientific career, she worked at several interdisciplinary interfaces combining microbiology, molecular biology, infection biology, imaging, and single-cell approaches. Before joining FAU, she worked as a postdoctoral researcher at the Leibniz Institute for Natural Product Research and Infection Biology in Jena and also served as Associate Editor at <em>Nature Biotechnology<\/em>.<\/p>\n\n\n\n<p class=\"wp-block-paragraph\">At FAU, Cl\u00e1udia established the BID lab in 2024 with the goal of understanding how bacteria produce extracellular vesicles and how these nano-sized structures contribute to bacterial physiology, infection, and interkingdom communication.&nbsp;Beyond research, Cl\u00e1udia is actively involved in mentoring young scientists, serving as scientific editor for several journals, active on&nbsp;science communication&nbsp;and initiatives promoting women in science.&nbsp;<\/p>\n\n\n\n<p class=\"wp-block-paragraph\">With the support of the Faculty of Sciences\u2019 Women\u2019s Prize, she plans to expand her research program on bacterial extracellular vesicles by integrating genomic, proteomic, and clinical approaches to identify vesicle-associated biomarkers and better understand their role in infectious diseases.&nbsp;<\/p>\n\n\n\n<div style=\"height:24px\" aria-hidden=\"true\" class=\"wp-block-spacer\"><\/div>\n\n\n\n<hr class=\"wp-block-separator has-alpha-channel-opacity\" \/>\n\n\n\n<p class=\"wp-block-paragraph\">Further information:<\/p>\n\n\n\n<div class=\"wp-block-buttons is-layout-flex wp-block-buttons-is-layout-flex\">\n<div class=\"wp-block-button is-style-tertiary\"><a class=\"wp-block-button__link wp-element-button\" href=\"https:\/\/www.vilhenalab.com\">https:\/\/www.vilhenalab.com<\/a><\/div>\n\n\n<\/div>\n\n\n\n<div class=\"wp-block-buttons is-layout-flex wp-block-buttons-is-layout-flex\">\n<div class=\"wp-block-button is-style-tertiary\"><a class=\"wp-block-button__link wp-element-button\" href=\"https:\/\/www.pharmbio.nat.fau.de\/research\/junior-research-group-bacterial-interface-dynamics\/\">https:\/\/www.pharmbio.nat.fau.de\/research\/junior-research-group-bacterial-interface-dynamics\/<\/a><\/div>\n\n\n<\/div>\n\n\n\n<div style=\"height:40px\" aria-hidden=\"true\" class=\"wp-block-spacer\"><\/div>\n\n<\/div><\/div><\/div><\/div>\n\n<div class=\"wp-block-rrze-elements-collapse \"><div class=\"accordion-group \"><h2 class=\"accordion-heading\"><button class=\"accordion-toggle\" data-toggle=\"collapse\" data-name=\"preistraegerin-2025-dr-maria-eugenia-perez-ojeda\" data-href=\"#preistraegerin-2025-dr-maria-eugenia-perez-ojeda\" type=\"button\" aria-expanded=\"false\" aria-controls=\"preistraegerin-2025-dr-maria-eugenia-perez-ojeda-section\" id=\"preistraegerin-2025-dr-maria-eugenia-perez-ojeda\" data-media-accordion-image-id=\"0\" data-media-accordion-image-url=\"\" data-media-accordion-image-alt=\"\" data-media-accordion-image-caption=\"\">Preistr\u00e4gerin 2025: Dr. Mar\u00eda Eugenia P\u00e9rez-Ojeda<\/button><\/h2><div id=\"preistraegerin-2025-dr-maria-eugenia-perez-ojeda-section\" class=\"accordion-body \" aria-labelledby=\"preistraegerin-2025-dr-maria-eugenia-perez-ojeda\" role=\"region\" name=\"preistraegerin-2025-dr-maria-eugenia-perez-ojeda\"><div class=\"accordion-inner clearfix\">\n\n<figure class=\"wp-block-image size-full has-overlay is-style-medium\"><div class=\"image-wrapper\"><img loading=\"lazy\" decoding=\"async\" src=\"https:\/\/www.frauenbeauftragte.nat.fau.de\/files\/2025\/10\/Perez-Ojeda.jpg\" alt=\"\" class=\"wp-image-2373 tall-image\" srcset=\"https:\/\/www.frauenbeauftragte.nat.fau.de\/files\/2025\/10\/Perez-Ojeda.jpg 1073w, https:\/\/www.frauenbeauftragte.nat.fau.de\/files\/2025\/10\/Perez-Ojeda-173x300.jpg 173w, https:\/\/www.frauenbeauftragte.nat.fau.de\/files\/2025\/10\/Perez-Ojeda-592x1024.jpg 592w, https:\/\/www.frauenbeauftragte.nat.fau.de\/files\/2025\/10\/Perez-Ojeda-768x1328.jpg 768w, https:\/\/www.frauenbeauftragte.nat.fau.de\/files\/2025\/10\/Perez-Ojeda-888x1536.jpg 888w, https:\/\/www.frauenbeauftragte.nat.fau.de\/files\/2025\/10\/Perez-Ojeda-139x240.jpg 139w, https:\/\/www.frauenbeauftragte.nat.fau.de\/files\/2025\/10\/Perez-Ojeda-185x320.jpg 185w, https:\/\/www.frauenbeauftragte.nat.fau.de\/files\/2025\/10\/Perez-Ojeda-272x470.jpg 272w\" \/><button class=\"image-fullscreen-btn\" onclick=\"openImageFullscreen('https:\/\/www.frauenbeauftragte.nat.fau.de\/files\/2025\/10\/Perez-Ojeda.jpg')\">\u26f6<\/button><\/div><\/figure>\n\n\n\n<p class=\"wp-block-paragraph\"><strong>Department of Chemistry and Pharmacy, FAU Erlangen-N\u00fcrnberg<\/strong><\/p>\n\n\n\n<p class=\"wp-block-paragraph\">Dr. Mar\u00eda Eugenia P\u00e9rez-Ojeda is a junior group leader and <em>Habilitand<\/em> at the Department of Chemistry and Pharmacy, FAU Erlangen-N\u00fcrnberg. She obtained her B.Sc. in Chemistry from the Complutense University of Madrid (Spain), followed by an M.Sc. in Polymer Science at the Spanish National Research Council (CSIC) and the International University Men\u00e9ndez Pelayo (Spain). During her PhD in Organic Chemistry at the Complutense University and CSIC, she carried out international research stays at the University of Michigan (USA) and Lund University (Sweden). She graduated <em>summa cum laude<\/em> in 2014 and received three awards for her PhD dissertation.<\/p>\n\n\n\n<p class=\"wp-block-paragraph\">Dr. P\u00e9rez-Ojeda pursued her postdoctoral training in carbon nanomaterials, supramolecular, and materials chemistry. After joining FAU in 2016, she was awarded a Marie Sk\u0142odowska-Curie Postdoctoral Fellowship, which laid the foundation for her independent research career within the framework of the DFG Collaborative Research Center SFB 953-A9 <em>\u201cSynthetic Carbon Allotropes.\u201d<\/em><\/p>\n\n\n\n<p class=\"wp-block-paragraph\">Her research bridges synthetic organic chemistry and supramolecular interactions to create functional nanostructures. Her studies on closed concentric multilayer fullerenes (also known as carbon nano-onions, CNOs) and on carbon-rich molecular cages for selective recognition have significantly advanced the field. In addition, she has developed highly active fluorescent compounds based on BODIPYs and perylene bisimides (PBIs) for optoelectronic and energy-conversion applications, elucidating structure\u2013property relationships from a supramolecular perspective. Her scientific work has resulted in 36 publications in leading journals, including <em>Science<\/em> and the <em>Journal of the American Chemical Society.<\/em><\/p>\n\n\n\n<p class=\"wp-block-paragraph\">Her current research focuses on PBI-based cyclophanes and \u03c0-extended architectures that act as redox- and chirality-responsive hosts for supramolecular interactions. By introducing various substituents and chiral linkers, her team develops cavities capable of redox-controlled guest encapsulation, chiral recognition, and photocatalytic activity. These systems are also being explored for their potential in singlet-fission-enhanced solar cells, offering new pathways toward efficient molecular energy conversion. In close collaboration with the groups of Prof. A. Hirsch, Prof. D. Guldi, and Prof. C. Brabec within FAU\u2019s <em>Solar Profilzentrum<\/em>\u2014of which she is a founding and board member\u2014and the <em>HiERN Institute,<\/em> Dr. P\u00e9rez-Ojeda integrates molecular design with automated materials discovery workflows.<\/p>\n\n\n\n<p class=\"wp-block-paragraph\">With the support of the <strong>Fakult\u00e4tsfrauenpreis<\/strong>, Dr. P\u00e9rez-Ojeda aims to further strengthen her independent research and complete her <em>Habilitation<\/em> phase. She seeks to foster new collaborations and pursue a future professorship in organic and supramolecular chemistry, with a focus on molecular nanoscience and energy materials.<\/p>\n\n<\/div><\/div><\/div><\/div>\n\n<div class=\"wp-block-rrze-elements-collapse \"><div class=\"accordion-group \"><h2 class=\"accordion-heading\"><button class=\"accordion-toggle\" data-toggle=\"collapse\" data-name=\"preistraegerin-2024-dr-alison-mitchell\" data-href=\"#preistraegerin-2024-dr-alison-mitchell\" type=\"button\" aria-expanded=\"false\" aria-controls=\"preistraegerin-2024-dr-alison-mitchell-section\" id=\"preistraegerin-2024-dr-alison-mitchell\" data-media-accordion-image-id=\"0\" data-media-accordion-image-url=\"\" data-media-accordion-image-alt=\"\" data-media-accordion-image-caption=\"\">Preistr\u00e4gerin 2024: Dr. Alison Mitchell<\/button><\/h2><div id=\"preistraegerin-2024-dr-alison-mitchell-section\" class=\"accordion-body \" aria-labelledby=\"preistraegerin-2024-dr-alison-mitchell\" role=\"region\" name=\"preistraegerin-2024-dr-alison-mitchell\"><div class=\"accordion-inner clearfix\">\n\n<figure class=\"wp-block-image has-overlay is-style-medium\"><div class=\"image-wrapper\"><img loading=\"lazy\" decoding=\"async\" src=\"https:\/\/www.frauenbeauftragte.nat.fau.de\/files\/2024\/12\/Alison-Mitchell-portrait-225x300.jpg\" alt=\"\" class=\"wp-image-1936 tall-image\" srcset=\"https:\/\/www.frauenbeauftragte.nat.fau.de\/files\/2024\/12\/Alison-Mitchell-portrait-225x300.jpg 225w, https:\/\/www.frauenbeauftragte.nat.fau.de\/files\/2024\/12\/Alison-Mitchell-portrait-768x1024.jpg 768w, https:\/\/www.frauenbeauftragte.nat.fau.de\/files\/2024\/12\/Alison-Mitchell-portrait-1152x1536.jpg 1152w, https:\/\/www.frauenbeauftragte.nat.fau.de\/files\/2024\/12\/Alison-Mitchell-portrait-120x160.jpg 120w, https:\/\/www.frauenbeauftragte.nat.fau.de\/files\/2024\/12\/Alison-Mitchell-portrait-240x320.jpg 240w, https:\/\/www.frauenbeauftragte.nat.fau.de\/files\/2024\/12\/Alison-Mitchell-portrait-83x110.jpg 83w, https:\/\/www.frauenbeauftragte.nat.fau.de\/files\/2024\/12\/Alison-Mitchell-portrait-180x240.jpg 180w, https:\/\/www.frauenbeauftragte.nat.fau.de\/files\/2024\/12\/Alison-Mitchell-portrait-353x470.jpg 353w, https:\/\/www.frauenbeauftragte.nat.fau.de\/files\/2024\/12\/Alison-Mitchell-portrait.jpg 1536w\" \/><button class=\"image-fullscreen-btn\" onclick=\"openImageFullscreen('https:\/\/www.frauenbeauftragte.nat.fau.de\/files\/2024\/12\/Alison-Mitchell-portrait.jpg')\">\u26f6<\/button><\/div><\/figure>\n\n\n\n<p class=\"wp-block-paragraph\"> Dr. Alison Mitchell is a junior research group leader who has led a DFG-funded Emmy Noether group at the FAU since 2021. After completing her PhD at the Max-Planck-Institute for Nuclear Physics in Heidelberg in 2016, she worked as assistant project scientist for the Cherenkov Telescope Array Observatory before postdoctoral research positions at both the University of Zurich and ETH Zurich. Her research is focussed on studying astrophysical particle accelerators and understanding the origins of Cosmic Rays, energetic charged particles that continuously reach Earth from space. In particular, she is interested in sources within our own Galaxy, such as supernova remnants (expanding blast waves following a supernova explosion) and the environments of pulsars; rapidly spinning dead stars. Cosmic rays interact with ambient gas, dust and light to produce signature emission such as gamma-ray photons. Astronomy using gamma-rays, corresponding to the high energy end of the electromagnetic spectrum, is ideal to trace the presence of these energetic particles, even once they have escaped from the accelerator. This leads to many astronomical gamma-ray sources being unexplained due to the lack of an obvious particle accelerator nearby. With this funding, she will further investigate how escaped cosmic rays can illuminate nearby clouds of gas and dust, making them shine in gamma-rays. The funding will support student internships and visits from international collaborators to further develop software that accurately encapsulates the physics of cosmic ray illuminated clouds, matching this to data. In due course, the software will be made publicly available for use by other astrophysics researchers.<\/p>\n\n<\/div><\/div><\/div><\/div>\n\n<div class=\"wp-block-rrze-elements-collapse \"><div class=\"accordion-group \"><h2 class=\"accordion-heading\"><button class=\"accordion-toggle\" data-toggle=\"collapse\" data-name=\"preistraegerin-2023-dr-ani-oezcelik\" data-href=\"#preistraegerin-2023-dr-ani-oezcelik\" type=\"button\" aria-expanded=\"false\" aria-controls=\"preistraegerin-2023-dr-ani-oezcelik-section\" id=\"preistraegerin-2023-dr-ani-oezcelik\" data-media-accordion-image-id=\"0\" data-media-accordion-image-url=\"\" data-media-accordion-image-alt=\"\" data-media-accordion-image-caption=\"\">Preistr\u00e4gerin 2023: Dr. Ani \u00d6zcelik<\/button><\/h2><div id=\"preistraegerin-2023-dr-ani-oezcelik-section\" class=\"accordion-body \" aria-labelledby=\"preistraegerin-2023-dr-ani-oezcelik\" role=\"region\" name=\"preistraegerin-2023-dr-ani-oezcelik\"><div class=\"accordion-inner clearfix\">\n\n<figure class=\"wp-block-image has-overlay is-style-medium\"><div class=\"image-wrapper\"><img loading=\"lazy\" decoding=\"async\" src=\"https:\/\/www.frauenbeauftragte.nat.fau.de\/files\/2024\/01\/Ani-Ozcelik-photo-199x300.jpeg\" alt=\"\" class=\"wp-image-1670 tall-image\" srcset=\"https:\/\/www.frauenbeauftragte.nat.fau.de\/files\/2024\/01\/Ani-Ozcelik-photo-199x300.jpeg 199w, https:\/\/www.frauenbeauftragte.nat.fau.de\/files\/2024\/01\/Ani-Ozcelik-photo-678x1024.jpeg 678w, https:\/\/www.frauenbeauftragte.nat.fau.de\/files\/2024\/01\/Ani-Ozcelik-photo-768x1161.jpeg 768w, https:\/\/www.frauenbeauftragte.nat.fau.de\/files\/2024\/01\/Ani-Ozcelik-photo-1016x1536.jpeg 1016w, https:\/\/www.frauenbeauftragte.nat.fau.de\/files\/2024\/01\/Ani-Ozcelik-photo-73x110.jpeg 73w, https:\/\/www.frauenbeauftragte.nat.fau.de\/files\/2024\/01\/Ani-Ozcelik-photo-159x240.jpeg 159w, https:\/\/www.frauenbeauftragte.nat.fau.de\/files\/2024\/01\/Ani-Ozcelik-photo-212x320.jpeg 212w, https:\/\/www.frauenbeauftragte.nat.fau.de\/files\/2024\/01\/Ani-Ozcelik-photo-311x470.jpeg 311w, https:\/\/www.frauenbeauftragte.nat.fau.de\/files\/2024\/01\/Ani-Ozcelik-photo.jpeg 1080w\" \/><button class=\"image-fullscreen-btn\" onclick=\"openImageFullscreen('https:\/\/www.frauenbeauftragte.nat.fau.de\/files\/2024\/01\/Ani-Ozcelik-photo.jpeg')\">\u26f6<\/button><\/div><figcaption class=\"wp-element-caption\">Foto: Ani Petrosyan<\/figcaption><\/figure>\n\n\n\n<p class=\"wp-block-paragraph\">Dr. Ani Ozcelik is a physical-organic chemist, who obtained her BSc degree in Chemistry from Kocaeli University (Turkey). During her MSc and PhD at the University of Vigo (Spain) with Prof. Alonso G\u00f3mez and Dr. Pereira Cameselle, her main focus was the fundamental property of chirality and how it could be evoked in fully operational chiroptical systems at both the single molecular and supramolecular levels using an experimental-theoretical approach. Her PhD studies were fully funded by Xunta de Galicia and as a pre-doctoral visiting scholar she also conducted a three-month research stay in the group of Prof. R. Chiechi at the University of Groningen (The Netherlands), where she familiarized with the design and use of self-assembled monolayers in organic electronics. After earning her PhD with cum laude distinction in 2021, in the same year she joined to Prof. Dube\u2019s group at FAU Erlangen-Nuremberg. Since 2022 she is a Humboldt postdoctoral research fellow and explores the current hot topic of molecular machines toward nanotechnology applications. During her postdoctoral stay in the Prof. Dube\u00b4s group, she has become intrigued by molecular propellers as another prospective motive for molecular machinery and gained deep knowledge in the related area. Molecular propellers resemble their macroscopic counterparts encountered in vehicles, e.g. airplanes or boats, in terms of their synchronized-twisting shapes and they can similarly serve as valuable platforms to provide not only responsive materials, but also fundamental insight into photochemical processes associated with biological systems. With the proposed research scheme for \u201cThe Faculty of Sciences Women&#8217;s Prize\u201d, she will construct novel light-energy-powered molecular propellers to establish different motions and generate a new class of chiroptical luminophores.<\/p>\n\n<\/div><\/div><\/div><\/div>\n\n<div class=\"wp-block-rrze-elements-collapse \"><div class=\"accordion-group \"><h2 class=\"accordion-heading\"><button class=\"accordion-toggle\" data-toggle=\"collapse\" data-name=\"preistraegerin-2023-dr-hannah-zenker\" data-href=\"#preistraegerin-2023-dr-hannah-zenker\" type=\"button\" aria-expanded=\"false\" aria-controls=\"preistraegerin-2023-dr-hannah-zenker-section\" id=\"preistraegerin-2023-dr-hannah-zenker\" data-media-accordion-image-id=\"0\" data-media-accordion-image-url=\"\" data-media-accordion-image-alt=\"\" data-media-accordion-image-caption=\"\">Preistr\u00e4gerin 2023: Dr. Hannah Zenker<\/button><\/h2><div id=\"preistraegerin-2023-dr-hannah-zenker-section\" class=\"accordion-body \" aria-labelledby=\"preistraegerin-2023-dr-hannah-zenker\" role=\"region\" name=\"preistraegerin-2023-dr-hannah-zenker\"><div class=\"accordion-inner clearfix\">\n\n<figure class=\"wp-block-image has-overlay is-style-medium\"><div class=\"image-wrapper\"><img loading=\"lazy\" decoding=\"async\" src=\"https:\/\/www.frauenbeauftragte.nat.fau.de\/files\/2024\/01\/Zenker_Portraetfoto-263x300.jpg\" alt=\"\" class=\"wp-image-1667 tall-image\" srcset=\"https:\/\/www.frauenbeauftragte.nat.fau.de\/files\/2024\/01\/Zenker_Portraetfoto-263x300.jpg 263w, https:\/\/www.frauenbeauftragte.nat.fau.de\/files\/2024\/01\/Zenker_Portraetfoto-898x1024.jpg 898w, https:\/\/www.frauenbeauftragte.nat.fau.de\/files\/2024\/01\/Zenker_Portraetfoto-768x875.jpg 768w, https:\/\/www.frauenbeauftragte.nat.fau.de\/files\/2024\/01\/Zenker_Portraetfoto-1347x1536.jpg 1347w, https:\/\/www.frauenbeauftragte.nat.fau.de\/files\/2024\/01\/Zenker_Portraetfoto-1797x2048.jpg 1797w, https:\/\/www.frauenbeauftragte.nat.fau.de\/files\/2024\/01\/Zenker_Portraetfoto-96x110.jpg 96w, https:\/\/www.frauenbeauftragte.nat.fau.de\/files\/2024\/01\/Zenker_Portraetfoto-211x240.jpg 211w, https:\/\/www.frauenbeauftragte.nat.fau.de\/files\/2024\/01\/Zenker_Portraetfoto-281x320.jpg 281w, https:\/\/www.frauenbeauftragte.nat.fau.de\/files\/2024\/01\/Zenker_Portraetfoto-412x470.jpg 412w\" \/><button class=\"image-fullscreen-btn\" onclick=\"openImageFullscreen('https:\/\/www.frauenbeauftragte.nat.fau.de\/files\/2024\/01\/Zenker_Portraetfoto-scaled.jpg')\">\u26f6<\/button><\/div><figcaption class=\"wp-element-caption\">Foto: Nora Zenk<\/figcaption><\/figure>\n\n\n\n<p class=\"wp-block-paragraph\">Dr. Hannah Zenker, Postdoktorandin am Lehrstuhl f\u00fcr Lebensmittelchemie, hat den diesj\u00e4hrigen Fakult\u00e4tsfrauenpreis der Naturwissenschaftlichen Fakult\u00e4t erhalten. Der Preis wird j\u00e4hrlich an bis zu zwei herausragende Nachwuchswissenschaftlerinnen vergeben. Die 15 000 \u20ac Preisgeld k\u00f6nnen f\u00fcr Sach- oder wahlweise Personalmittel zur Finanzierung des Aufbaus oder der Erweiterung einer Arbeitsgruppe eingesetzt werden. Hannah Zenker studierte Lebensmittelchemie an der Friedrich-Alexander Universit\u00e4t Erlangen\u2011N\u00fcrnberg. Anschlie\u00dfend begann sie ihre Promotion an der Wageningen University &amp; Research in den Niederlanden, die sie im Jahr 2020 abschloss. Nach einem halbj\u00e4hrigen Postdoktorat an der Wageningen University &amp; Reserach, kehrte sie als Postdoktorandin an die Friedrich-Alexander Universit\u00e4t zur\u00fcck. Dort arbeitet sie als Nachwuchswissenschaftlerin am Lehrstuhl f\u00fcr Lebensmittelchemie und forscht zur Allergenit\u00e4t von Lebensmittelproteinen. In ihrer Forschung legt sie ihren Schwerpunkt darauf wie sich die Verarbeitung von Lebensmittelproteinen auf deren Allergenit\u00e4t auswirken und in welcher Form die allergenen Strukturen im menschlichen K\u00f6rper ankommen.&nbsp; In diesem Zusammenhang spielen insbesondere die Verdauung und die Matrix, in der sich die Lebensmittelallergene befinden, eine wichtige Rolle. Mit den Preisgeld wird sie sich mit dem \u00dcbergang von Lebensmittelallergenen in die Muttermilch befassen. Dabei m\u00f6chte sie sich anschauen in welcher Form die Lebensmittelallergene in der Muttermilch zu finden sind und welche Bedeutung dieser Expositionsweg f\u00fcr die Immunantwort des S\u00e4uglings hat. Hannah Zenker wurde in der Vergangenheit bereits durch das Stipendium zur Realisierung der Chancengleichheit von Frauen in Forschung und Lehre (FFL) unterst\u00fctzt.<\/p>\n\n<\/div><\/div><\/div><\/div>\n\n<div class=\"wp-block-rrze-elements-collapse \"><div class=\"accordion-group \"><h2 class=\"accordion-heading\"><button class=\"accordion-toggle\" data-toggle=\"collapse\" data-name=\"preistraegerin-2022-dr-jennifer-munkert\" data-href=\"#preistraegerin-2022-dr-jennifer-munkert\" type=\"button\" aria-expanded=\"false\" aria-controls=\"preistraegerin-2022-dr-jennifer-munkert-section\" id=\"preistraegerin-2022-dr-jennifer-munkert\" data-media-accordion-image-id=\"0\" data-media-accordion-image-url=\"\" data-media-accordion-image-alt=\"\" data-media-accordion-image-caption=\"\">Preistr\u00e4gerin 2022: Dr. Jennifer Munkert<\/button><\/h2><div id=\"preistraegerin-2022-dr-jennifer-munkert-section\" class=\"accordion-body \" aria-labelledby=\"preistraegerin-2022-dr-jennifer-munkert\" role=\"region\" name=\"preistraegerin-2022-dr-jennifer-munkert\"><div class=\"accordion-inner clearfix\">\n\n<figure class=\"wp-block-image has-overlay is-style-medium\"><div class=\"image-wrapper\"><img loading=\"lazy\" decoding=\"async\" src=\"https:\/\/www.frauenbeauftragte.nat.fau.de\/files\/2021\/12\/portraitmunkert-200x300.jpg\" alt=\"Portraitfoto von Jennifer Munkert\" class=\"wp-image-1144 tall-image\" srcset=\"https:\/\/www.frauenbeauftragte.nat.fau.de\/files\/2021\/12\/portraitmunkert-200x300.jpg 200w, https:\/\/www.frauenbeauftragte.nat.fau.de\/files\/2021\/12\/portraitmunkert-160x240.jpg 160w, https:\/\/www.frauenbeauftragte.nat.fau.de\/files\/2021\/12\/portraitmunkert-214x320.jpg 214w, https:\/\/www.frauenbeauftragte.nat.fau.de\/files\/2021\/12\/portraitmunkert-314x470.jpg 314w, https:\/\/www.frauenbeauftragte.nat.fau.de\/files\/2021\/12\/portraitmunkert.jpg 319w\" \/><button class=\"image-fullscreen-btn\" onclick=\"openImageFullscreen('https:\/\/www.frauenbeauftragte.nat.fau.de\/files\/2021\/12\/portraitmunkert.jpg')\">\u26f6<\/button><\/div><\/figure>\n\n\n\n<p class=\"wp-block-paragraph\"> Die Habilitandin Dr. Jennifer Munkert, Lehrstuhl f\u00fcr Pharmazeutische Biologie der FAU, hat den Fakult\u00e4tsfrauenpreis der Naturwissenschaftlichen Fakult\u00e4t f\u00fcr 2022 erhalten. Jennifer Munkerts Forschungsschwerpunkt sind spezielle pflanzliche Naturstoffe mit einem Fokus auf Herzgklykoside, deren Biosynthese und biotechnologische Gewinnung sowie ihre Bioaktivit\u00e4t. Jennifer Munkert habilitiert sich derzeit im Fach Pharmazeutische Biologie und ist wissenschaftliche Mitarbeiterin und Laborleiterin am Lehrstuhl Pharmazeutische Biologie der FAU Erlangen-N\u00fcrnberg. Ihr Forschungsschwerpunkt sind spezielle pflanzliche Naturstoffe mit einem Fokus auf Herzgklykoside, deren Biosynthese und biotechnologische Gewinnung sowie ihre Bioaktivit\u00e4t. Nach ihrem Studium Diplom-Biologie an der FAU promovierte Jennifer Munkert 2014 in der Pharmazeutischen Biologie bei Professor Wolfgang Kreis mit einem Thema zu Genen und Enzymen der Cardenolidbiosynthese, dem Vorkommen dieser Gene und der Promiskuit\u00e4t der enkodierten Enzyme. Diese Arbeiten wurden auch in Kooperation mit den Arbeitsgruppen von Alain Goossens (VIB, Gent, Belgien) und Johan Memenlink (IBL, Leiden, Niederlande) durchgef\u00fchrt. Ihre Postdoc-Phase begann Jennifer Munkert unterst\u00fctzt durch das Programm \u201eF\u00f6rderung der Chancengleichheit von Frauen in Forschung und Lehre\u201c (FFL) am Lehrstuhl f\u00fcr Bioverfahrenstechnik, FAU Erlangen-N\u00fcrnberg mit Projekten zur biotechnologischen und semi-synthetischen Gewinnung von bioaktiven Herzglykosiden. Die Vertiefung und Erweiterung dieser Projekte erfolgte seit 2016 erneut am Lehrstuhl Pharmazeutischen Biologie, FAU in Zusammenarbeit mit Professor Wolfgang Kreis sowie w\u00e4hrend Forschungsaufenthalten bei brasilianischen Kooperationspartnern am Institut f\u00fcr Pharmazie der UFMG in Belo Horizonte, Brasilien. Mit dem Fakult\u00e4tsfrauenpreis der Naturwissenschaftlichen Fakult\u00e4t wird Dr. Munkert ihre Forschungsarbeiten zu bioaktiven Cardenoliden weiter vorantreiben. Ihre Doktorandin wird an einem neuen Drug Delivery System mit dem Thema <em>&#8220;Developing a new target-orientated drug delivery system based on a cardenolide derivate linked to a modified cell-derived extracellular-vesicle (EV)&#8221;<\/em> (Abb. 1) forschen, dass in synergistischer Weise die neuen Forschungsschwerpunkte am Lehrstuhl Pharmazeutische Biologie (neue Leitung Professor Fuhrmann) mit der vorhandenen Kompetenz von Dr. Munkert an bioaktiven Naturstoffen vereint.<\/p>\n\n\n\n<figure class=\"wp-block-image is-style-large has-overlay\"><div class=\"image-wrapper\"><img loading=\"lazy\" decoding=\"async\" src=\"https:\/\/www.frauenbeauftragte.nat.fau.de\/files\/2021\/12\/munkertkonzept.jpg\" alt=\"Abbildung 1: Konzeptionelle Cartoons zum Projekt \u201cDeveloping a new target-orientated drug delivery system based on a cardenolide derivate linked to a modified cell-derived extracellular-vesicle (EV)\u201d. A. Herzglykoside werden an geeignete Oberfl\u00e4chen von Vesikeln gekoppelt. B. Als Haupttarget f\u00fcr das \u201eProof of Concept\u201c dient die Na+\/K+ATPase, dem molekularen Wirkort der Herzglykoside. C. Weitere Pr\u00fcfung des Systems f\u00fcr zielgerichteten Wirkstofftransport und -freisetzung.\" class=\"wp-image-1138\" srcset=\"https:\/\/www.frauenbeauftragte.nat.fau.de\/files\/2021\/12\/munkertkonzept.jpg 1365w, https:\/\/www.frauenbeauftragte.nat.fau.de\/files\/2021\/12\/munkertkonzept-300x133.jpg 300w, https:\/\/www.frauenbeauftragte.nat.fau.de\/files\/2021\/12\/munkertkonzept-1024x453.jpg 1024w, https:\/\/www.frauenbeauftragte.nat.fau.de\/files\/2021\/12\/munkertkonzept-768x340.jpg 768w, https:\/\/www.frauenbeauftragte.nat.fau.de\/files\/2021\/12\/munkertkonzept-480x212.jpg 480w, https:\/\/www.frauenbeauftragte.nat.fau.de\/files\/2021\/12\/munkertkonzept-940x416.jpg 940w\" \/><button class=\"image-fullscreen-btn\" onclick=\"openImageFullscreen('https:\/\/www.frauenbeauftragte.nat.fau.de\/files\/2021\/12\/munkertkonzept.jpg')\">\u26f6<\/button><\/div><figcaption class=\"wp-element-caption\">Abbildung 1: Konzeptionelle Cartoons zum Projekt \u201cDeveloping a new target-orientated drug delivery system based on a cardenolide derivate linked to a modified cell-derived extracellular-vesicle (EV)\u201d. A. Herzglykoside werden an geeignete Oberfl\u00e4chen von Vesikeln gekoppelt. B. Als Haupttarget f\u00fcr das \u201eProof of Concept\u201c dient die Na+\/K+ATPase, dem molekularen Wirkort der Herzglykoside. C. Weitere Pr\u00fcfung des Systems f\u00fcr zielgerichteten Wirkstofftransport und -freisetzung.<\/figcaption><\/figure>\n\n\n\n<p class=\"wp-block-paragraph\">&nbsp; &nbsp; &nbsp; Link zur Pressemeldung: <a title=\"https:\/\/www.frauenbeauftragte.nat.fau.de\/2021\/12\/03\/dr-jennifer-munkert-erhaelt-fakultaetsfrauenpreis-fuer-2022\/\" href=\"https:\/\/www.frauenbeauftragte.nat.fau.de\/2021\/12\/03\/dr-jennifer-munkert-erhaelt-fakultaetsfrauenpreis-fuer-2022\/\">https:\/\/www.frauenbeauftragte.nat.fau.de\/2021\/12\/03\/dr-jennifer-munkert-erhaelt-fakultaetsfrauenpreis-fuer-2022\/<\/a><\/p>\n\n<\/div><\/div><\/div><\/div>\n\n<div class=\"wp-block-rrze-elements-collapse \"><div class=\"accordion-group \"><h2 class=\"accordion-heading\"><button class=\"accordion-toggle\" data-toggle=\"collapse\" data-name=\"preistraegerin-2021-dr-helene-loos\" data-href=\"#preistraegerin-2021-dr-helene-loos\" type=\"button\" aria-expanded=\"false\" aria-controls=\"preistraegerin-2021-dr-helene-loos-section\" id=\"preistraegerin-2021-dr-helene-loos\" data-media-accordion-image-id=\"0\" data-media-accordion-image-url=\"\" data-media-accordion-image-alt=\"\" data-media-accordion-image-caption=\"\">Preistr\u00e4gerin 2021: Dr. Helene Loos<\/button><\/h2><div id=\"preistraegerin-2021-dr-helene-loos-section\" class=\"accordion-body \" aria-labelledby=\"preistraegerin-2021-dr-helene-loos\" role=\"region\" name=\"preistraegerin-2021-dr-helene-loos\"><div class=\"accordion-inner clearfix\">\n\n<figure class=\"wp-block-image has-overlay is-style-medium\"><div class=\"image-wrapper\"><img loading=\"lazy\" decoding=\"async\" src=\"https:\/\/www.frauenbeauftragte.nat.fau.de\/files\/2021\/07\/helene-loos-300x215.jpg\" alt=\"Portrait Dr. Helene Loos\" class=\"wp-image-1083 tall-image\" srcset=\"https:\/\/www.frauenbeauftragte.nat.fau.de\/files\/2021\/07\/helene-loos-300x215.jpg 300w, https:\/\/www.frauenbeauftragte.nat.fau.de\/files\/2021\/07\/helene-loos-334x240.jpg 334w, https:\/\/www.frauenbeauftragte.nat.fau.de\/files\/2021\/07\/helene-loos-446x320.jpg 446w, https:\/\/www.frauenbeauftragte.nat.fau.de\/files\/2021\/07\/helene-loos-654x470.jpg 654w, https:\/\/www.frauenbeauftragte.nat.fau.de\/files\/2021\/07\/helene-loos.jpg 678w\" \/><button class=\"image-fullscreen-btn\" onclick=\"openImageFullscreen('https:\/\/www.frauenbeauftragte.nat.fau.de\/files\/2021\/07\/helene-loos.jpg')\">\u26f6<\/button><\/div><figcaption class=\"wp-element-caption\">Foto: Fraunhofer IVV<\/figcaption><\/figure>\n\n\n\n<p class=\"wp-block-paragraph\">Die Habilitandin <a href=\"https:\/\/www.chemistry.nat.fau.eu\/aroma-smell-research\/dr-helene-loos\/\"><strong>Dr. Helene Loos<\/strong><\/a>, Lehrstuhl f\u00fcr Aroma- und Geruchsforschung der FAU, hat den diesj\u00e4hrigen Fakult\u00e4tsfrauenpreis der Naturwissenschaftlichen Fakult\u00e4t erhalten.&nbsp; Helene Loos erforscht Mechanismen von Wahrnehmungs- und Verhaltensph\u00e4nomenen im Bereich der Geruchswahrnehmung. Dabei wendet sie eine Reihe von Methoden an, um Geruchsstoffe und ihre Metaboliten in biologischen Proben zu identifizieren und zu quantifizieren, sie im Hinblick auf ihre sensorischen Eigenschaften zu untersuchen und ihre m\u00f6gliche verhaltensmodulierende oder physiologische Funktion zu bewerten. Link zur Pressemeldung: <a href=\"https:\/\/www.frauenbeauftragte.nat.fau.de\/2021\/07\/28\/loos-fakultaetsfrauenpreis\/\">https:\/\/www.frauenbeauftragte.nat.fau.de\/2021\/07\/28\/loos-fakultaetsfrauenpreis\/<\/a><\/p>\n\n<\/div><\/div><\/div><\/div>\n\n<div class=\"wp-block-rrze-elements-collapse \"><div class=\"accordion-group \"><h2 class=\"accordion-heading\"><button class=\"accordion-toggle\" data-toggle=\"collapse\" data-name=\"preistraegerin-2019-pd-dr-cornelia-schneider\" data-href=\"#preistraegerin-2019-pd-dr-cornelia-schneider\" type=\"button\" aria-expanded=\"false\" aria-controls=\"preistraegerin-2019-pd-dr-cornelia-schneider-section\" id=\"preistraegerin-2019-pd-dr-cornelia-schneider\" data-media-accordion-image-id=\"0\" data-media-accordion-image-url=\"\" data-media-accordion-image-alt=\"\" data-media-accordion-image-caption=\"\">Preistr\u00e4gerin 2019: PD Dr. Cornelia Schneider<\/button><\/h2><div id=\"preistraegerin-2019-pd-dr-cornelia-schneider-section\" class=\"accordion-body \" aria-labelledby=\"preistraegerin-2019-pd-dr-cornelia-schneider\" role=\"region\" name=\"preistraegerin-2019-pd-dr-cornelia-schneider\"><div class=\"accordion-inner clearfix\">\n\n<p class=\"wp-block-paragraph\">2019: <a href=\"https:\/\/www.math.fau.de\/angewandte-mathematik-3\/mitarbeiter-am3\/dr-cornelia-schneider\/\">PD Dr. Cornelia Schneider, Akad. ORat<\/a> &#8211; Lehrstuhl f\u00fcr Angewandte Mathematik (Wissenschaftliches Rechnen)<\/p>\n\n<\/div><\/div><\/div><\/div>\n\n<div class=\"wp-block-rrze-elements-collapse \"><div class=\"accordion-group \"><h2 class=\"accordion-heading\"><button class=\"accordion-toggle\" data-toggle=\"collapse\" data-name=\"panel_ac823653\" data-href=\"#panel_ac823653\" type=\"button\" aria-expanded=\"false\" aria-controls=\"panel_ac823653-section\" id=\"panel_ac823653\" data-media-accordion-image-id=\"0\" data-media-accordion-image-url=\"\" data-media-accordion-image-alt=\"\" data-media-accordion-image-caption=\"\">Preistr\u00e4gerin 2019: Prof. Dr. Anja Lux<\/button><\/h2><div id=\"panel_ac823653-section\" class=\"accordion-body \" aria-labelledby=\"panel_ac823653\" role=\"region\" name=\"panel_ac823653\"><div class=\"accordion-inner clearfix\">\n\n<figure class=\"wp-block-image has-overlay is-style-medium\"><div class=\"image-wrapper\"><img loading=\"lazy\" decoding=\"async\" src=\"https:\/\/www.frauenbeauftragte.nat.fau.de\/files\/2022\/07\/Lux_2-300x217.jpg\" alt=\"Portraitfoto von Frau Prof. Dr. Anja Lux\" class=\"wp-image-1200 tall-image\" srcset=\"https:\/\/www.frauenbeauftragte.nat.fau.de\/files\/2022\/07\/Lux_2-300x217.jpg 300w, https:\/\/www.frauenbeauftragte.nat.fau.de\/files\/2022\/07\/Lux_2-331x240.jpg 331w, https:\/\/www.frauenbeauftragte.nat.fau.de\/files\/2022\/07\/Lux_2-442x320.jpg 442w, https:\/\/www.frauenbeauftragte.nat.fau.de\/files\/2022\/07\/Lux_2.jpg 472w\" \/><button class=\"image-fullscreen-btn\" onclick=\"openImageFullscreen('https:\/\/www.frauenbeauftragte.nat.fau.de\/files\/2022\/07\/Lux_2.jpg')\">\u26f6<\/button><\/div><\/figure>\n\n\n\n<p class=\"yiv3264298046MsoNormal wp-block-paragraph\"><span style=\"color: var(--color-text);, sans-serif;font-size: 1rem\">Frau <\/span><a style=\"font-size: 1rem\" href=\"https:\/\/www.genetik.nat.fau.de\/ag-lux\/\">Prof. Dr. Anja Lux<\/a><span style=\"color: var(--color-text);, sans-serif;font-size: 1rem\">&nbsp;, Lehrstuhl f\u00fcr Genetik der FAU, hat den Fakult\u00e4tsfrauenpreis der Naturwissenschaftlichen Fakult\u00e4t im Jahr 2019 erhalten.<\/span>\n<\/p>\n\n\n\n<p class=\"yiv3264298046MsoNormal wp-block-paragraph\">Im Zentrum der Forschung von Anja Lux stehen&nbsp;Antik\u00f6rper des Typs Immunglobulin G (IgG), insbesondere deren sehr vielf\u00e4ltige Effektorfunktionen vermittelt durch zellul\u00e4re Fc Rezeptoren f\u00fcr IgG (Fc\u03b3R) und das Komplementsystem. Diese untersucht sie sowohl in vitro als auch in vivo in klassischen und humanisierten Mausmodellen. Ziel der Arbeiten ist es, ein besseres Verst\u00e4ndnis zur Funktion von IgG im Rahmen therapeutischer Ans\u00e4tze und bei der Entstehung von chronisch-entz\u00fcndlichen Erkrankungen zu erlangen. In diesem Sinne dient die mit dem Fakult\u00e4tsfrauenpreis verbundene F\u00f6rderung der Untersuchung komplement-regulierender Faktoren und deren Einfluss auf die IgG-vermittelte B-Zell-Depletion, einem hochrelevanten Ansatz zur Therapie von B-Zell-Lymphomen.\n<\/p>\n\n\n\n<p class=\"yiv3264298046MsoNormal wp-block-paragraph\">Anja Lux ist Arbeitsgruppenleiterin am Lehrstuhl f\u00fcr Genetik und Vertretungsprofessorin f\u00fcr Integrated Immunology. Nach dem Studium der Molekularen Medizin promovierte sie an der Medizinischen Fakult\u00e4t 3 des Universit\u00e4tsklinikums Erlangen und am Lehrstuhl f\u00fcr Genetik, FAU, im Fach Immunologie unter Betreuung von Prof. Dr. Falk Nimmerjahn. Die Promotion schloss sie im Jahr 2010 ab und f\u00fchrte ihre wissenschaftliche Karriere danach als Akademische R\u00e4tin fort.\n<\/p>\n\n\n\n<p class=\"yiv3264298046MsoNormal wp-block-paragraph\">&#8220;Der Fakult\u00e4tsfrauenpreis der Naturwissenschaftlichen Fakult\u00e4t erm\u00f6glichte mir nicht nur den Ausbau meiner eigenen Arbeitsgruppe und die St\u00e4rkung meines Forschungsprofils. Er erh\u00f6hte auch meine Sichtbarkeit innerhalb der FAU und ist in meinem Lebenslauf ein wichtiger Meilenstein f\u00fcr die weitere Karriere in der Wissenschaft. Ich kann deshalb nur alle Nachwuchswissenschaftlerinnen ermuntern, sich zu bewerben.<\/p>\n\n<\/div><\/div><\/div><\/div>\n\n<div class=\"wp-block-rrze-elements-collapse \"><div class=\"accordion-group \"><h2 class=\"accordion-heading\"><button class=\"accordion-toggle\" data-toggle=\"collapse\" data-name=\"preistraegerin-2018-dr-katrin-hurle\" data-href=\"#preistraegerin-2018-dr-katrin-hurle\" type=\"button\" aria-expanded=\"false\" aria-controls=\"preistraegerin-2018-dr-katrin-hurle-section\" id=\"preistraegerin-2018-dr-katrin-hurle\" data-media-accordion-image-id=\"0\" data-media-accordion-image-url=\"\" data-media-accordion-image-alt=\"\" data-media-accordion-image-caption=\"\">Preistr\u00e4gerin 2018: Dr. Katrin Hurle<\/button><\/h2><div id=\"preistraegerin-2018-dr-katrin-hurle-section\" class=\"accordion-body \" aria-labelledby=\"preistraegerin-2018-dr-katrin-hurle\" role=\"region\" name=\"preistraegerin-2018-dr-katrin-hurle\"><div class=\"accordion-inner clearfix\">\n\n<figure class=\"wp-block-image has-overlay is-style-medium\"><div class=\"image-wrapper\"><img loading=\"lazy\" decoding=\"async\" src=\"https:\/\/www.frauenbeauftragte.nat.fau.de\/files\/2022\/07\/img-20200819-wa0026-300x225.jpg\" alt=\"Portraitfoto von Frau Dr. Katrin Hurle\" class=\"wp-image-1201 tall-image\" srcset=\"https:\/\/www.frauenbeauftragte.nat.fau.de\/files\/2022\/07\/img-20200819-wa0026-300x225.jpg 300w, https:\/\/www.frauenbeauftragte.nat.fau.de\/files\/2022\/07\/img-20200819-wa0026-1024x768.jpg 1024w, https:\/\/www.frauenbeauftragte.nat.fau.de\/files\/2022\/07\/img-20200819-wa0026-768x576.jpg 768w, https:\/\/www.frauenbeauftragte.nat.fau.de\/files\/2022\/07\/img-20200819-wa0026-1536x1152.jpg 1536w, https:\/\/www.frauenbeauftragte.nat.fau.de\/files\/2022\/07\/img-20200819-wa0026-320x240.jpg 320w, https:\/\/www.frauenbeauftragte.nat.fau.de\/files\/2022\/07\/img-20200819-wa0026-427x320.jpg 427w, https:\/\/www.frauenbeauftragte.nat.fau.de\/files\/2022\/07\/img-20200819-wa0026-627x470.jpg 627w, https:\/\/www.frauenbeauftragte.nat.fau.de\/files\/2022\/07\/img-20200819-wa0026.jpg 1600w\" \/><button class=\"image-fullscreen-btn\" onclick=\"openImageFullscreen('https:\/\/www.frauenbeauftragte.nat.fau.de\/files\/2022\/07\/img-20200819-wa0026.jpg')\">\u26f6<\/button><\/div><\/figure>\n\n\n\n<p class=\"wp-block-paragraph\">Der Fakult\u00e4tsfrauenpreis der Naturwissenschaftlichen Fakult\u00e4t f\u00fcr 2018 ging an die Habilitandin <a href=\"https:\/\/www.gzn.nat.fau.de\/mineralogie\/team\/hurle\/\">Dr. rer. nat. Katrin Hurle<\/a> Lehrstuhl f\u00fcr Mineralogie der FAU. Katrin Hurle befasst sich mit der mineralogischen Charakterisierung von Biomaterialien. Ihr Schwerpunkt sind detaillierte Untersuchungen zum Hydratationsverhalten von Calciumphosphatzementen f\u00fcr die Anwendung als Knochenersatzstoff, welche beispielsweise mit organischen Additiven oder bioaktiven Ionen modifiziert wurden. So arbeitete sie an einem DFG-Projekt mit Eigener Stelle, welches die Analyse von Apatit- und Brushitzementen mit Zugabe von Phytins\u00e4ure zur Verbesserung der Injizierbarkeit sowie die Entwicklung pr\u00e4fabrizierter Pasten zur Vereinfachung des Anmischvorgangs im Operationssaal beinhaltete. Weiterhin untersucht sie Lithiumsilikat-Glaskeramiken f\u00fcr den Einsatz im Dentalbereich. Sie konnte bereits einige Details zum Kristallisationsvorgang derartiger Glaskeramiken bei dem in der Praxis durchgef\u00fchrten finalen Brennprozess herausfinden, welche als Grundlage f\u00fcr die weitere Optimierung dieser Materialien dienen. Durch die Mittel aus dem Fakult\u00e4tsfrauenpreis konnte Katrin Hurle die Doktorandin Karla Sp\u00e4th in ihre Arbeitsgruppe aufnehmen. Karla Sp\u00e4th arbeitet im Rahmen ihrer Dissertation an der eingehenden Charakterisierung von Cu-dotierten Brushitzementen mit dem Ziel, die Rolle des Kupfers im Hydratationsprozess im Detail zu verstehen. Diese Erweiterung der Arbeitsgruppe war f\u00fcr Katrin Hurle sehr von Vorteil: Durch die Bearbeitung sehr \u00e4hnlicher Forschungsthemen kann sie sich mit ihrer Doktorandin regelm\u00e4\u00dfig austauschen, was beiden immer wieder neue, hilfreiche Impulse liefert. Zudem konnten beide gemeinsam an der Tagung Euro BioMAT 2019 in Weimar teilnehmen und zu Projektpartnern am I3B\u00b4s (Research Institute on Biomaterials, Biodegradables and Biomimetics) in Portugal reisen.<\/p>\n\n<\/div><\/div><\/div><\/div>\n\n<div class=\"wp-block-rrze-elements-collapse \"><div class=\"accordion-group \"><h2 class=\"accordion-heading\"><button class=\"accordion-toggle\" data-toggle=\"collapse\" data-name=\"preistraegerin-2016-pd-dr-nadja-ray\" data-href=\"#preistraegerin-2016-pd-dr-nadja-ray\" type=\"button\" aria-expanded=\"false\" aria-controls=\"preistraegerin-2016-pd-dr-nadja-ray-section\" id=\"preistraegerin-2016-pd-dr-nadja-ray\" data-media-accordion-image-id=\"0\" data-media-accordion-image-url=\"\" data-media-accordion-image-alt=\"\" data-media-accordion-image-caption=\"\">Preistr\u00e4gerin 2016: PD Dr. Nadja Ray<\/button><\/h2><div id=\"preistraegerin-2016-pd-dr-nadja-ray-section\" class=\"accordion-body \" aria-labelledby=\"preistraegerin-2016-pd-dr-nadja-ray\" role=\"region\" name=\"preistraegerin-2016-pd-dr-nadja-ray\"><div class=\"accordion-inner clearfix\">\n\n<p class=\"wp-block-paragraph\">2016: <a href=\"https:\/\/www.math.fau.de\/angewandte-mathematik-1\/mitarbeiter\/dr-nadja-ray\/\">PD Dr. Nadja Ray<\/a> &#8211; Lehrstuhl f\u00fcr Angewandte Mathematik (Modellierung und Numerik)<\/p>\n\n<\/div><\/div><\/div><\/div>\n<\/div><\/div>\n\n\n<div style=\"height:24px\" aria-hidden=\"true\" class=\"wp-block-spacer\"><\/div>\n","protected":false},"excerpt":{"rendered":"<p>&nbsp;Since 2016, the Faculty Women&#8217;s Prize has been awarded to particularly talented female scientists whose goal is to pursue a career in science. With the prize money, the young female scientist receives funding for a doctoral position for one year to enable the establishment or expansion of an independent working group. The previous winners present [&hellip;]<\/p>\n","protected":false},"author":384,"featured_media":0,"parent":2414,"menu_order":0,"comment_status":"closed","ping_status":"closed","template":"","meta":{"_rrze_cache":"enabled","_rrze_multilang_single_locale":"en_GB","_rrze_multilang_single_source":"https:\/\/www.frauenbeauftragte.nat.fau.de\/?page_id=1145","_faue_teaser_image_id":0,"footnotes":""},"page_category":[51],"page_tag":[],"workflow_usergroup":[],"class_list":["post-2416","page","type-page","status-publish","hentry","page_category-general","en-GB"],"faue_teaser_image_url":"","_links":{"self":[{"href":"https:\/\/www.frauenbeauftragte.nat.fau.de\/wp-json\/wp\/v2\/pages\/2416","targetHints":{"allow":["GET"]}}],"collection":[{"href":"https:\/\/www.frauenbeauftragte.nat.fau.de\/wp-json\/wp\/v2\/pages"}],"about":[{"href":"https:\/\/www.frauenbeauftragte.nat.fau.de\/wp-json\/wp\/v2\/types\/page"}],"author":[{"embeddable":true,"href":"https:\/\/www.frauenbeauftragte.nat.fau.de\/wp-json\/wp\/v2\/users\/384"}],"replies":[{"embeddable":true,"href":"https:\/\/www.frauenbeauftragte.nat.fau.de\/wp-json\/wp\/v2\/comments?post=2416"}],"version-history":[{"count":8,"href":"https:\/\/www.frauenbeauftragte.nat.fau.de\/wp-json\/wp\/v2\/pages\/2416\/revisions"}],"predecessor-version":[{"id":3055,"href":"https:\/\/www.frauenbeauftragte.nat.fau.de\/wp-json\/wp\/v2\/pages\/2416\/revisions\/3055"}],"up":[{"embeddable":true,"href":"https:\/\/www.frauenbeauftragte.nat.fau.de\/wp-json\/wp\/v2\/pages\/2414"}],"wp:attachment":[{"href":"https:\/\/www.frauenbeauftragte.nat.fau.de\/wp-json\/wp\/v2\/media?parent=2416"}],"wp:term":[{"taxonomy":"page_category","embeddable":true,"href":"https:\/\/www.frauenbeauftragte.nat.fau.de\/wp-json\/wp\/v2\/page_category?post=2416"},{"taxonomy":"page_tag","embeddable":true,"href":"https:\/\/www.frauenbeauftragte.nat.fau.de\/wp-json\/wp\/v2\/page_tag?post=2416"},{"taxonomy":"workflow_usergroup","embeddable":true,"href":"https:\/\/www.frauenbeauftragte.nat.fau.de\/wp-json\/wp\/v2\/workflow_usergroup?post=2416"}],"curies":[{"name":"wp","href":"https:\/\/api.w.org\/{rel}","templated":true}]}}